{"id":276846,"date":"2020-10-15T14:57:09","date_gmt":"2020-10-15T19:57:09","guid":{"rendered":"https:\/\/asoinca.com\/?page_id=276846"},"modified":"2021-03-04T13:53:55","modified_gmt":"2021-03-04T18:53:55","slug":"quienes-somos","status":"publish","type":"page","link":"https:\/\/www.asoinca.com\/?page_id=276846","title":{"rendered":"Qui\u00e9nes Somos"},"content":{"rendered":"<p>[et_pb_section fb_built=\u00bb1&#8243; admin_label=\u00bbHero\u00bb _builder_version=\u00bb4.4.3&#8243; use_background_color_gradient=\u00bbon\u00bb background_color_gradient_start=\u00bbrgba(40,40,40,0.79)\u00bb background_color_gradient_end=\u00bbrgba(40,40,40,0.86)\u00bb background_color_gradient_type=\u00bbradial\u00bb background_color_gradient_direction_radial=\u00bbtop left\u00bb background_color_gradient_overlays_image=\u00bbon\u00bb background_image=\u00bbhttps:\/\/www.asoinca.com\/wp-content\/uploads\/2021\/03\/21616166_1940036616319357_8667660033411136014_n.jpg\u00bb custom_margin=\u00bb||||false\u00bb custom_padding=\u00bb10vw||10vw||true|false\u00bb hover_enabled=\u00bb0&#8243; da_is_popup=\u00bboff\u00bb da_disable_devices=\u00bboff|off|off\u00bb da_exit_intent=\u00bboff\u00bb da_has_close=\u00bbon\u00bb da_alt_close=\u00bboff\u00bb da_dark_close=\u00bboff\u00bb da_not_modal=\u00bbon\u00bb da_is_singular=\u00bboff\u00bb da_with_loader=\u00bboff\u00bb da_has_shadow=\u00bbon\u00bb][et_pb_row column_structure=\u00bb2_3,1_3&#8243; _builder_version=\u00bb4.4.3&#8243;][et_pb_column type=\u00bb2_3&#8243; _builder_version=\u00bb3.25&#8243; custom_padding=\u00bb|||\u00bb custom_padding__hover=\u00bb|||\u00bb][et_pb_text _builder_version=\u00bb4.4.3&#8243; text_font=\u00bb||||||||\u00bb header_font=\u00bbRubik|700|||||||\u00bb header_font_size=\u00bb64px\u00bb header_line_height=\u00bb1.1em\u00bb background_layout=\u00bbdark\u00bb max_width=\u00bb800px\u00bb custom_margin=\u00bb||0px||false|false\u00bb text_font_size_tablet=\u00bb14px\u00bb text_font_size_last_edited=\u00bboff|desktop\u00bb header_font_size_tablet=\u00bb44px\u00bb header_font_size_phone=\u00bb32px\u00bb header_font_size_last_edited=\u00bbon|phone\u00bb border_color_all=\u00bb#e02b20&#8243; border_width_left=\u00bb10px\u00bb]<\/p>\n<h1>Asoinca<\/h1>\n<p>[\/et_pb_text][et_pb_text _builder_version=\u00bb4.4.3&#8243; text_font=\u00bb||||||||\u00bb text_font_size=\u00bb22px\u00bb text_line_height=\u00bb1.6em\u00bb header_font=\u00bb||||||||\u00bb background_layout=\u00bbdark\u00bb max_width=\u00bb800px\u00bb custom_margin=\u00bb|||\u00bb custom_padding=\u00bb20px||20px||true\u00bb text_font_size_tablet=\u00bb18px\u00bb text_font_size_phone=\u00bb\u00bb text_font_size_last_edited=\u00bbon|phone\u00bb]<\/p>\n<p><span>Asociaci\u00f3n de Institutores y Trabajadores de la Educaci\u00f3n del Cauca<\/span><\/p>\n<p>[\/et_pb_text][et_pb_text _builder_version=\u00bb4.4.3&#8243; text_font=\u00bb|600|||||||\u00bb text_text_color=\u00bb#ffffff\u00bb text_font_size=\u00bb16px\u00bb]<\/p>\n<h2><strong>Quienes Somos<\/strong><\/h2>\n<p style=\"text-align: justify;\">La Asociaci\u00f3n de Institutores y Trabajadores de la Educaci\u00f3n del Cauca <b>ASOINCA <\/b>es una organizaci\u00f3n sindical que agremia a los docentes y trabajadores oficiales de la educaci\u00f3n vinculados\u00a0 en Popay\u00e1n y el Departamento del Cauca en Colombia.<\/p>\n<p>[\/et_pb_text][\/et_pb_column][et_pb_column type=\u00bb1_3&#8243; _builder_version=\u00bb3.25&#8243; custom_padding=\u00bb|||\u00bb custom_padding__hover=\u00bb|||\u00bb][et_pb_text _builder_version=\u00bb4.4.3&#8243; text_font=\u00bb||||||||\u00bb text_text_color=\u00bb#e02b20&#8243; header_font=\u00bb||||||||\u00bb header_text_color=\u00bb#e02b20&#8243; header_2_font=\u00bbRubik|700|||||||\u00bb header_2_text_color=\u00bb#e02b20&#8243; header_2_font_size=\u00bb32px\u00bb header_2_line_height=\u00bb1.2em\u00bb text_orientation=\u00bbcenter\u00bb custom_margin=\u00bb|||\u00bb custom_padding=\u00bb|||\u00bb header_2_font_size_last_edited=\u00bboff|desktop\u00bb]<\/p>\n<h2>Lo que Hacemos<\/h2>\n<p>[\/et_pb_text][et_pb_blurb title=\u00bbOBJETO FUNDAMENTAL\u00bb image=\u00bbhttps:\/\/www.asoinca.com\/wp-content\/uploads\/2021\/03\/protesta.jpg\u00bb icon_placement=\u00bbleft\u00bb image_max_width=\u00bb64px\u00bb content_max_width=\u00bb1100px\u00bb content_max_width_tablet=\u00bb1100px\u00bb content_max_width_last_edited=\u00bboff|desktop\u00bb _builder_version=\u00bb4.4.3&#8243; header_font=\u00bbRubik|700|||||||\u00bb header_line_height=\u00bb1.4em\u00bb body_font=\u00bb||||||||\u00bb body_font_size=\u00bb15px\u00bb body_line_height=\u00bb1.8em\u00bb background_layout=\u00bbdark\u00bb custom_margin=\u00bb|||\u00bb custom_padding=\u00bb|||\u00bb animation_style=\u00bbslide\u00bb animation_direction=\u00bbright\u00bb animation_intensity_slide=\u00bb10%\u00bb animation=\u00bboff\u00bb]<\/p>\n<p style=\"text-align: justify;\">Defender los intereses sociales, econ\u00f3micos y profesionales de sus miembros a\u00a0\u00a0 trav\u00e9s de la huelga como principal medio.<\/p>\n<p>[\/et_pb_blurb][et_pb_blurb title=\u00bbOBJETO FUNDAMENTAL\u00bb image=\u00bbhttps:\/\/www.asoinca.com\/wp-content\/uploads\/2021\/03\/cerebro.png\u00bb icon_placement=\u00bbleft\u00bb image_max_width=\u00bb64px\u00bb content_max_width=\u00bb1100px\u00bb content_max_width_tablet=\u00bb1100px\u00bb content_max_width_last_edited=\u00bboff|desktop\u00bb _builder_version=\u00bb4.4.3&#8243; header_font=\u00bbRubik|700|||||||\u00bb header_line_height=\u00bb1.4em\u00bb body_font=\u00bb||||||||\u00bb body_font_size=\u00bb15px\u00bb body_line_height=\u00bb1.8em\u00bb background_layout=\u00bbdark\u00bb custom_margin=\u00bb|||\u00bb custom_padding=\u00bb|||\u00bb animation_style=\u00bbslide\u00bb animation_direction=\u00bbright\u00bb animation_delay=\u00bb100ms\u00bb animation_intensity_slide=\u00bb10%\u00bb animation=\u00bboff\u00bb]<\/p>\n<p style=\"text-align: justify;\">Colaborar permanentemente en la realizaci\u00f3n del esfuerzo educativo, conforme a los ideales del pueblo y para el pueblo.<\/p>\n<p>[\/et_pb_blurb][\/et_pb_column][\/et_pb_row][\/et_pb_section][et_pb_section fb_built=\u00bb1&#8243; admin_label=\u00bbAbout Us\u00bb _builder_version=\u00bb3.22&#8243; da_is_popup=\u00bboff\u00bb da_disable_devices=\u00bboff|off|off\u00bb da_exit_intent=\u00bboff\u00bb da_has_close=\u00bbon\u00bb da_alt_close=\u00bboff\u00bb da_dark_close=\u00bboff\u00bb da_not_modal=\u00bbon\u00bb da_is_singular=\u00bboff\u00bb da_with_loader=\u00bboff\u00bb da_has_shadow=\u00bbon\u00bb][et_pb_row _builder_version=\u00bb3.25&#8243;][et_pb_column type=\u00bb4_4&#8243; _builder_version=\u00bb3.25&#8243; custom_padding=\u00bb|||\u00bb custom_padding__hover=\u00bb|||\u00bb][et_pb_text _builder_version=\u00bb4.4.3&#8243; text_font=\u00bb||||||||\u00bb header_font=\u00bb||||||||\u00bb header_2_font=\u00bbRubik|700|||||||\u00bb header_2_font_size=\u00bb42px\u00bb header_2_line_height=\u00bb1.2em\u00bb text_orientation=\u00bbcenter\u00bb module_alignment=\u00bbcenter\u00bb custom_margin=\u00bb|||\u00bb custom_padding=\u00bb|||\u00bb header_2_font_size_tablet=\u00bb\u00bb header_2_font_size_phone=\u00bb36px\u00bb header_2_font_size_last_edited=\u00bbon|phone\u00bb locked=\u00bboff\u00bb]<\/p>\n<h2>Nuestra Misi\u00f3n<\/h2>\n<p>[\/et_pb_text][et_pb_divider color=\u00bb#e02b20&#8243; divider_position=\u00bbcenter\u00bb divider_weight=\u00bb5px\u00bb _builder_version=\u00bb4.4.3&#8243; max_width=\u00bb50px\u00bb module_alignment=\u00bbcenter\u00bb locked=\u00bboff\u00bb][\/et_pb_divider][\/et_pb_column][\/et_pb_row][et_pb_row column_structure=\u00bb1_2,1_2&#8243; _builder_version=\u00bb3.25&#8243;][et_pb_column type=\u00bb1_2&#8243; _builder_version=\u00bb3.25&#8243; custom_padding=\u00bb|||\u00bb custom_padding__hover=\u00bb|||\u00bb][et_pb_text _builder_version=\u00bb4.4.3&#8243; text_font=\u00bb||||||||\u00bb text_font_size=\u00bb15px\u00bb text_line_height=\u00bb1.8em\u00bb custom_padding=\u00bb|||\u00bb custom_padding_tablet=\u00bb|40px||40px||true\u00bb custom_padding_last_edited=\u00bboff|desktop\u00bb]<\/p>\n<p style=\"text-align: justify;\">La Asociaci\u00f3n de Institutores y trabajadores de la educaci\u00f3n del Cauca Es una organizaci\u00f3n sindical que a trav\u00e9s de la huelga defender a Educaci\u00f3n P\u00fablica y popular, los derechos laborales y prestacionales, liderar la defensa de la carrera docente, estabilidad laboral y libertad de c\u00e1tedra todo esto fortalecido por la unidad del magisterio agrupado en su sindicato <b>ASOINCA.<\/b><\/p>\n<p>[\/et_pb_text][\/et_pb_column][et_pb_column type=\u00bb1_2&#8243; _builder_version=\u00bb3.25&#8243; custom_padding=\u00bb|||\u00bb custom_padding__hover=\u00bb|||\u00bb][et_pb_text _builder_version=\u00bb4.4.3&#8243; text_font=\u00bb||||||||\u00bb text_font_size=\u00bb15px\u00bb text_line_height=\u00bb1.8em\u00bb custom_padding=\u00bb|||\u00bb custom_padding_tablet=\u00bb|40px||40px||true\u00bb custom_padding_last_edited=\u00bboff|desktop\u00bb locked=\u00bboff\u00bb]<\/p>\n<p style=\"text-align: justify;\">En concordancia con nuestros principios de justicia, solidaridad y unidad sindical, sumaremos nuestros esfuerzos a toda acci\u00f3n colectiva que apunte a mejorar la calidad de vida de los asociados y el conjunto de los trabajadores y ciudadan\u00eda en general, convirtiendo el sindicato como base de la construcci\u00f3n de una pa\u00eds donde reine la justicia social-<\/p>\n<p>[\/et_pb_text][\/et_pb_column][\/et_pb_row][\/et_pb_section][et_pb_section fb_built=\u00bb1&#8243; admin_label=\u00bbAbout Us\u00bb _builder_version=\u00bb3.22&#8243; da_is_popup=\u00bboff\u00bb da_disable_devices=\u00bboff|off|off\u00bb da_exit_intent=\u00bboff\u00bb da_has_close=\u00bbon\u00bb da_alt_close=\u00bboff\u00bb da_dark_close=\u00bboff\u00bb da_not_modal=\u00bbon\u00bb da_is_singular=\u00bboff\u00bb da_with_loader=\u00bboff\u00bb da_has_shadow=\u00bbon\u00bb][et_pb_row _builder_version=\u00bb3.25&#8243;][et_pb_column type=\u00bb4_4&#8243; _builder_version=\u00bb3.25&#8243; custom_padding=\u00bb|||\u00bb custom_padding__hover=\u00bb|||\u00bb][et_pb_text _builder_version=\u00bb4.4.3&#8243; text_font=\u00bb||||||||\u00bb header_font=\u00bb||||||||\u00bb header_2_font=\u00bbRubik|700|||||||\u00bb header_2_font_size=\u00bb42px\u00bb header_2_line_height=\u00bb1.2em\u00bb text_orientation=\u00bbcenter\u00bb module_alignment=\u00bbcenter\u00bb custom_margin=\u00bb|||\u00bb custom_padding=\u00bb|||\u00bb header_2_font_size_tablet=\u00bb\u00bb header_2_font_size_phone=\u00bb36px\u00bb header_2_font_size_last_edited=\u00bbon|phone\u00bb locked=\u00bboff\u00bb]<\/p>\n<h2>Nuestra Visi\u00f3n<\/h2>\n<p>[\/et_pb_text][et_pb_divider color=\u00bb#e02b20&#8243; divider_position=\u00bbcenter\u00bb divider_weight=\u00bb5px\u00bb _builder_version=\u00bb4.4.3&#8243; max_width=\u00bb50px\u00bb module_alignment=\u00bbcenter\u00bb locked=\u00bboff\u00bb][\/et_pb_divider][\/et_pb_column][\/et_pb_row][et_pb_row _builder_version=\u00bb4.4.3&#8243;][et_pb_column type=\u00bb4_4&#8243; _builder_version=\u00bb3.25&#8243; custom_padding=\u00bb|||\u00bb custom_padding__hover=\u00bb|||\u00bb][et_pb_text _builder_version=\u00bb4.4.3&#8243; text_font=\u00bb||||||||\u00bb text_font_size=\u00bb15px\u00bb text_line_height=\u00bb1.8em\u00bb custom_padding=\u00bb|||\u00bb custom_padding_tablet=\u00bb|40px||40px||true\u00bb custom_padding_last_edited=\u00bboff|desktop\u00bb]<\/p>\n<ul>\n<li style=\"text-align: justify;\">La Asociaci\u00f3n de Institutores y trabajadores de la Educaci\u00f3n del Cauca <b>ASOINCA,<\/b> se constituye en una organizaci\u00f3n sindical de car\u00e1cter aut\u00f3noma, participativa y solidaria con otros sectores y comprometida con la justicia social, centra sus ideales y energ\u00edas en la defensa de la Educaci\u00f3n P\u00fablica y Popular,\u00a0 en la b\u00fasqueda permanente del bienestar de sus afiliados, y en el reconocimiento por sus logros y reivindicaciones laborales y sociales, as\u00ed mismo, debido\u00a0 a su car\u00e1cter din\u00e1mico de lucha, busca constantemente una sociedad m\u00e1s justa, m\u00e1s organizada, exigiendo al\u00a0 gobierno\u00a0 sensibilidad\u00a0 a la dignidad humana, al respeto por los derechos sociales, pol\u00edticos, humanos y sobre todo los adquiridos.<\/li>\n<li>Los logros de su actividad sindical organizada deber\u00e1n ser \u00fatiles para el sindicalismo Caucano y Colombiano, ejemplo para la sociedad en general y, reconocidos por la comunidad internacional.<\/li>\n<\/ul>\n<p>[\/et_pb_text][\/et_pb_column][\/et_pb_row][\/et_pb_section][et_pb_section fb_built=\u00bb1&#8243; _builder_version=\u00bb4.4.3&#8243; custom_padding=\u00bb||3px|||\u00bb da_is_popup=\u00bboff\u00bb da_disable_devices=\u00bboff|off|off\u00bb da_exit_intent=\u00bboff\u00bb da_has_close=\u00bbon\u00bb da_alt_close=\u00bboff\u00bb da_dark_close=\u00bboff\u00bb da_not_modal=\u00bbon\u00bb da_is_singular=\u00bboff\u00bb da_with_loader=\u00bboff\u00bb da_has_shadow=\u00bbon\u00bb][et_pb_row column_structure=\u00bb1_2,1_2&#8243; _builder_version=\u00bb4.4.3&#8243;][et_pb_column type=\u00bb1_2&#8243; _builder_version=\u00bb4.4.3&#8243;][et_pb_text _builder_version=\u00bb4.4.3&#8243;]<\/p>\n<h2 style=\"text-align: justify;\"><strong>FILOSOFIA<\/strong><\/h2>\n<ul>\n<li style=\"text-align: justify;\">Con el fin de asegurar a sus integrantes: el trabajo, la justicia, la igualdad, la libertad y la paz, el art\u00edculo 39 de la Constituci\u00f3n Nacional da v\u00eda libre al\u00a0 trabajador y el empleador el derecho a constituir sindicatos o asociaciones, sin intervenci\u00f3n del Estado.<\/li>\n<li style=\"text-align: justify;\">La estructura interna y el funcionamiento de los sindicatos y organizaciones sociales y gremiales se sujetar\u00e1n al orden legal y a los principios democr\u00e1ticos.<\/li>\n<li style=\"text-align: justify;\">Teniendo presente lo anterior, ASOINCA, a trav\u00e9s de su actual Junta Directiva, durante los \u00faltimos 24 a\u00f1os viene jugando un papel fundamental en el departamento, mediante procesos colectivos con padres de familia y estudiantes, viene forjando la unidad de masas,\u00a0 logrado\u00a0\u00a0 varias movilizaciones\u00a0 por la defensa de la educaci\u00f3n p\u00fablica y popular en toda su magnitud, la estabilidad laboral de los docentes y por el derecho a una educaci\u00f3n de calidad para el pueblo colombiano.<\/li>\n<\/ul>\n<p>[\/et_pb_text][\/et_pb_column][et_pb_column type=\u00bb1_2&#8243; _builder_version=\u00bb4.4.3&#8243;][et_pb_image src=\u00bbhttps:\/\/www.asoinca.com\/wp-content\/uploads\/2021\/03\/17155916_184495315386330_5546930208894759943_n.jpg\u00bb _builder_version=\u00bb4.4.3&#8243; custom_padding=\u00bb70px||||false|false\u00bb][\/et_pb_image][\/et_pb_column][\/et_pb_row][et_pb_row _builder_version=\u00bb4.4.3&#8243;][et_pb_column type=\u00bb4_4&#8243; _builder_version=\u00bb4.4.3&#8243;][et_pb_text _builder_version=\u00bb4.4.3&#8243;]<\/p>\n<h1 style=\"text-align: center;\"><strong>OBJETIVOS<\/strong><\/h1>\n<ul>\n<li>a- Defensa de los derechos laborales y prestacionales de los afiliados.<\/li>\n<li>b- Defensa de la Educaci\u00f3n Publica y Popular sin distinci\u00f3n de etnia, credo religioso. Ideas pol\u00edticas ni detrimento de otros sectores.<\/li>\n<li>c- Unidad y coordinaci\u00f3n con el movimiento sindical y popular a nivel local, regional, nacional e internacional.<\/li>\n<li>d- Mantener y fortalecer los programas de solidaridad para el afiliado y su familia.<\/li>\n<li>e- Orientar y asesorar a los afiliados en el \u00e1mbito sindical, laboral, prestacional y profesional.<\/li>\n<li>f- Promover e implementar proyectos de econom\u00eda popular en coordinaci\u00f3n con PROVITEC y otras organizaciones regionales, nacionales e internacionales que haya identidad con los principios pol\u00edticos.<\/li>\n<li>Los recursos econ\u00f3micos que generen los proyectos de econom\u00eda popular, se destina a fortalecer los rubros para auxilios solidarios y para construir la sede sindical de las subdirectivas seccionales.<\/li>\n<li>Promover entre los afiliados la recreaci\u00f3n, l cultura, la formaci\u00f3n pol\u00edtica, sindical y profesional, la pedagog\u00eda popular y el deporte a trav\u00e9s de las OLIMPIADAS DEPORTIVAS, CULTURALES Y PEDAGOGICAS cada dos a\u00f1os.<\/li>\n<li>i- Defender la salud como un derecho de los afiliados y sus familias.<\/li>\n<li>J- Fortalecer los medios de comunicaci\u00f3n de ASOINCA.<\/li>\n<li>k- Promover la formaci\u00f3n de afiliados en DD.HH.<\/li>\n<li>Extender su acci\u00f3n c\u00edvica cultural a la comunidad.<\/li>\n<li>Comunicaciones, Impulsar y desarrollar programas a trav\u00e9s de los medios con que\u00a0 cuenta la organizaci\u00f3n sindical,\u00a0 con el fin de brindar informaci\u00f3n y de posibilitar la interrelaci\u00f3n de sus afiliados.\u00a0<\/li>\n<li>Promover y fortalecer el proceso de Soberan\u00eda Alimentaria en las Instituciones y centros educativos del Cauca a trav\u00e9s de la Huerta Escolar Org\u00e1nica, Tienda Escolar saludable, Restaurante Escolar y Nutrici\u00f3n sana.<\/li>\n<\/ul>\n<p>[\/et_pb_text][\/et_pb_column][\/et_pb_row][\/et_pb_section][et_pb_section fb_built=\u00bb1&#8243; _builder_version=\u00bb4.4.3&#8243; custom_padding=\u00bb1px|||||\u00bb da_is_popup=\u00bboff\u00bb da_disable_devices=\u00bboff|off|off\u00bb da_exit_intent=\u00bboff\u00bb da_has_close=\u00bbon\u00bb da_alt_close=\u00bboff\u00bb da_dark_close=\u00bboff\u00bb da_not_modal=\u00bbon\u00bb da_is_singular=\u00bboff\u00bb da_with_loader=\u00bboff\u00bb da_has_shadow=\u00bbon\u00bb][et_pb_row _builder_version=\u00bb4.4.3&#8243;][et_pb_column type=\u00bb4_4&#8243; _builder_version=\u00bb4.4.3&#8243;][et_pb_text _builder_version=\u00bb4.4.3&#8243;]<\/p>\n<h1 style=\"text-align: center;\"><strong>Principios<\/strong><\/h1>\n<p>[\/et_pb_text][\/et_pb_column][\/et_pb_row][et_pb_row column_structure=\u00bb1_3,1_3,1_3&#8243; _builder_version=\u00bb4.4.3&#8243;][et_pb_column type=\u00bb1_3&#8243; _builder_version=\u00bb4.4.3&#8243;][et_pb_text _builder_version=\u00bb4.4.3&#8243;]<\/p>\n<ul>\n<li style=\"text-align: justify;\">Son principios de la Asociaci\u00f3n Institutores y trabajadores de la educaci\u00f3n del Cauca ASOINCA:<\/li>\n<li style=\"text-align: justify;\">Defensa de la educaci\u00f3n p\u00fablica, el acceso\u00a0 y la permanencia a ella en forma gratuita y obligatoria.<\/li>\n<li style=\"text-align: justify;\">Fomentar el sindicalismo libre de corrupci\u00f3n impulsando valores como el respeto, honestidad, lealtad, honradez, eliminando toda clase de prebendas, tales como sobre sueldo a los directivos, gastos de representaci\u00f3n, vi\u00e1ticos exagerados etc.<\/li>\n<li style=\"text-align: justify;\">La solidaridad con los afiliados al crear un fondo el cual ayuda en los momentos dif\u00edciles a los docentes caucanos, en caso de fallecimiento de un familiar directo, padres, c\u00f3nyuge e hijos.<\/li>\n<li style=\"text-align: justify;\">La huelga como herramienta fundamental en busca de un sistema acorde con las necesidades del desarrollo econ\u00f3mico, pol\u00edtico, social y cultural del pa\u00eds, respetando la autonom\u00eda regional.<\/li>\n<\/ul>\n<p>[\/et_pb_text][\/et_pb_column][et_pb_column type=\u00bb1_3&#8243; _builder_version=\u00bb4.4.3&#8243;][et_pb_text _builder_version=\u00bb4.4.3&#8243;]<\/p>\n<ul>\n<li style=\"text-align: justify;\">La b\u00fasqueda de una verdadera democracia legal y leg\u00edtima, porque, con la que contamos la legalizan pero no es leg\u00edtima.<\/li>\n<li style=\"text-align: justify;\">Defensa de la carrera docente, por la dignificaci\u00f3n y profesionalizaci\u00f3n del magisterio.<\/li>\n<li style=\"text-align: justify;\">Unificaci\u00f3n de todos los estamentos constitutivos del sector educativo en torno a la defensa de la educaci\u00f3n p\u00fablica como derecho fundamental de los colombianos.<\/li>\n<li style=\"text-align: justify;\">Consolidar relaciones con los sindicatos de trabajadores y dem\u00e1s organizaciones sociales, teniendo en cuenta los principios de solidaridad y fraternidad.<\/li>\n<\/ul>\n<p>[\/et_pb_text][\/et_pb_column][et_pb_column type=\u00bb1_3&#8243; _builder_version=\u00bb4.4.3&#8243;][et_pb_text _builder_version=\u00bb4.4.3&#8243;]<\/p>\n<ul>\n<li style=\"text-align: justify;\">Liderar el desarrollo de una conciencia cr\u00edtica de defensa del patrimonio y !a cultura del pueblo colombiano.<\/li>\n<li style=\"text-align: justify;\">Impulsar la participaci\u00f3n de los docentes en los espacios que se relacionen con su existencia como gremio y conglomerado social.<\/li>\n<li style=\"text-align: justify;\">Fomentar la investigaci\u00f3n en lo cient\u00edfico, cultural y pedag\u00f3gico.<\/li>\n<li style=\"text-align: justify;\">Defender la autonom\u00eda escolar y el desarrollo del movimiento pedag\u00f3gico.<\/li>\n<\/ul>\n<p>[\/et_pb_text][\/et_pb_column][\/et_pb_row][\/et_pb_section]<\/p>\n","protected":false},"excerpt":{"rendered":"<p>[et_pb_section fb_built=\u00bb1&#8243; admin_label=\u00bbHero\u00bb _builder_version=\u00bb4.4.3&#8243; use_background_color_gradient=\u00bbon\u00bb background_color_gradient_start=\u00bbrgba(40,40,40,0.79)\u00bb background_color_gradient_end=\u00bbrgba(40,40,40,0.86)\u00bb background_color_gradient_type=\u00bbradial\u00bb background_color_gradient_direction_radial=\u00bbtop left\u00bb background_color_gradient_overlays_image=\u00bbon\u00bb background_image=\u00bbhttps:\/\/www.asoinca.com\/wp-content\/uploads\/2021\/03\/21616166_1940036616319357_8667660033411136014_n.jpg\u00bb custom_margin=\u00bb||||false\u00bb custom_padding=\u00bb10vw||10vw||true|false\u00bb hover_enabled=\u00bb0&#8243; da_is_popup=\u00bboff\u00bb da_disable_devices=\u00bboff|off|off\u00bb da_exit_intent=\u00bboff\u00bb da_has_close=\u00bbon\u00bb da_alt_close=\u00bboff\u00bb da_dark_close=\u00bboff\u00bb da_not_modal=\u00bbon\u00bb da_is_singular=\u00bboff\u00bb da_with_loader=\u00bboff\u00bb da_has_shadow=\u00bbon\u00bb][et_pb_row column_structure=\u00bb2_3,1_3&#8243; _builder_version=\u00bb4.4.3&#8243;][et_pb_column type=\u00bb2_3&#8243; _builder_version=\u00bb3.25&#8243; custom_padding=\u00bb|||\u00bb custom_padding__hover=\u00bb|||\u00bb][et_pb_text _builder_version=\u00bb4.4.3&#8243; text_font=\u00bb||||||||\u00bb header_font=\u00bbRubik|700|||||||\u00bb header_font_size=\u00bb64px\u00bb header_line_height=\u00bb1.1em\u00bb background_layout=\u00bbdark\u00bb max_width=\u00bb800px\u00bb custom_margin=\u00bb||0px||false|false\u00bb text_font_size_tablet=\u00bb14px\u00bb text_font_size_last_edited=\u00bboff|desktop\u00bb header_font_size_tablet=\u00bb44px\u00bb header_font_size_phone=\u00bb32px\u00bb header_font_size_last_edited=\u00bbon|phone\u00bb border_color_all=\u00bb#e02b20&#8243; border_width_left=\u00bb10px\u00bb] Asoinca [\/et_pb_text][et_pb_text _builder_version=\u00bb4.4.3&#8243; text_font=\u00bb||||||||\u00bb text_font_size=\u00bb22px\u00bb text_line_height=\u00bb1.6em\u00bb header_font=\u00bb||||||||\u00bb background_layout=\u00bbdark\u00bb max_width=\u00bb800px\u00bb [&hellip;]<\/p>\n","protected":false},"author":1,"featured_media":0,"parent":0,"menu_order":0,"comment_status":"closed","ping_status":"closed","template":"","meta":{"_et_pb_use_builder":"on","_et_pb_old_content":"","_et_gb_content_width":"","footnotes":""},"class_list":["post-276846","page","type-page","status-publish","hentry"],"_links":{"self":[{"href":"https:\/\/www.asoinca.com\/index.php?rest_route=\/wp\/v2\/pages\/276846","targetHints":{"allow":["GET"]}}],"collection":[{"href":"https:\/\/www.asoinca.com\/index.php?rest_route=\/wp\/v2\/pages"}],"about":[{"href":"https:\/\/www.asoinca.com\/index.php?rest_route=\/wp\/v2\/types\/page"}],"author":[{"embeddable":true,"href":"https:\/\/www.asoinca.com\/index.php?rest_route=\/wp\/v2\/users\/1"}],"replies":[{"embeddable":true,"href":"https:\/\/www.asoinca.com\/index.php?rest_route=%2Fwp%2Fv2%2Fcomments&post=276846"}],"version-history":[{"count":7,"href":"https:\/\/www.asoinca.com\/index.php?rest_route=\/wp\/v2\/pages\/276846\/revisions"}],"predecessor-version":[{"id":277913,"href":"https:\/\/www.asoinca.com\/index.php?rest_route=\/wp\/v2\/pages\/276846\/revisions\/277913"}],"wp:attachment":[{"href":"https:\/\/www.asoinca.com\/index.php?rest_route=%2Fwp%2Fv2%2Fmedia&parent=276846"}],"curies":[{"name":"wp","href":"https:\/\/api.w.org\/{rel}","templated":true}]}}